{"id":500,"date":"2025-01-19T17:12:00","date_gmt":"2025-01-19T16:12:00","guid":{"rendered":"https:\/\/www.cellerderanda.com\/pagina-dinici\/"},"modified":"2026-03-01T19:42:26","modified_gmt":"2026-03-01T18:42:26","slug":"pagina-dinici","status":"publish","type":"page","link":"https:\/\/www.cellerderanda.com\/de\/","title":{"rendered":"P\u00e0gina d&#8217;inici"},"content":{"rendered":"<section class=\"l-section wpb_row height_medium full_height valign_center width_full color_primary with_slider\"><div class=\"l-section-slider\"><div class=\"w-slider style_none fit_cover nav_none count_10\"><div class=\"w-slider-h\" aria-hidden=\"true\"><div class=\"royalSlider\"><div class=\"rsContent\"><a class=\"rsImg\" data-rsw=\"2560\" data-rsh=\"2560\" href=\"https:\/\/www.cellerderanda.com\/wp-content\/uploads\/font-randa-celler-mallorca-1-scaled.jpg\"><span data-alt=\"\"><\/span><\/a><\/div><div class=\"rsContent\"><a class=\"rsImg\" data-rsw=\"2048\" data-rsh=\"1536\" href=\"https:\/\/www.cellerderanda.com\/wp-content\/uploads\/celler-randa-cuina-mallorquina-mallorca-menjador-editat.jpg\"><span data-alt=\"\"><\/span><\/a><\/div><div class=\"rsContent\"><a class=\"rsImg\" data-rsw=\"2048\" data-rsh=\"2048\" href=\"https:\/\/www.cellerderanda.com\/wp-content\/uploads\/randa-mallorca-restaurant-poble-cuina-mallorquina-calamar-planch.jpg\"><span data-alt=\"\"><\/span><\/a><\/div><div class=\"rsContent\"><a class=\"rsImg\" data-rsw=\"2048\" data-rsh=\"2048\" href=\"https:\/\/www.cellerderanda.com\/wp-content\/uploads\/caracoles-all-i-oli-mallorca-restaurante-cocina-mallorquina.jpg\"><span data-alt=\"\"><\/span><\/a><\/div><div class=\"rsContent\"><a class=\"rsImg\" data-rsw=\"2048\" data-rsh=\"2048\" href=\"https:\/\/www.cellerderanda.com\/wp-content\/uploads\/pa-amb-oli-mallorca-randa-celler-bar.jpg\"><span data-alt=\"\"><\/span><\/a><\/div><div class=\"rsContent\"><a class=\"rsImg\" data-rsw=\"2048\" data-rsh=\"2048\" href=\"https:\/\/www.cellerderanda.com\/wp-content\/uploads\/gato-ametlla-celler-randa.jpg\"><span data-alt=\"\"><\/span><\/a><\/div><div class=\"rsContent\"><a class=\"rsImg\" data-rsw=\"2048\" data-rsh=\"2048\" href=\"https:\/\/www.cellerderanda.com\/wp-content\/uploads\/randa-mallorca-restaurant-poble-cuina-mallorquina-postre-cholocate.jpg\"><span data-alt=\"\"><\/span><\/a><\/div><div class=\"rsContent\"><a class=\"rsImg\" data-rsw=\"2560\" data-rsh=\"2560\" href=\"https:\/\/www.cellerderanda.com\/wp-content\/uploads\/llom-amb-col-celler-sa-premsa-mallorca-scaled.jpg\"><span data-alt=\"\"><\/span><\/a><\/div><div class=\"rsContent\"><a class=\"rsImg\" data-rsw=\"2560\" data-rsh=\"2560\" href=\"https:\/\/www.cellerderanda.com\/wp-content\/uploads\/frit-mallorqui-celler-randa-mallorca-scaled.jpg\"><span data-alt=\"\"><\/span><\/a><\/div><div class=\"rsContent\"><a class=\"rsImg\" data-rsw=\"2048\" data-rsh=\"2048\" href=\"https:\/\/www.cellerderanda.com\/wp-content\/uploads\/natillas-celler-randa-mallorca.jpg\"><span data-alt=\"\"><\/span><\/a><\/div><\/div><img decoding=\"async\" src=\"https:\/\/www.cellerderanda.com\/wp-content\/uploads\/font-randa-celler-mallorca-1-scaled.jpg\" width=\"2560\" height=\"2560\" alt loading=\"lazy\"><\/div><div class=\"w-slider-json\" onclick='return {&quot;autoScaleSlider&quot;:true,&quot;addActiveClass&quot;:true,&quot;loop&quot;:true,&quot;fadeInLoadedSlide&quot;:false,&quot;slidesSpacing&quot;:0,&quot;imageScalePadding&quot;:0,&quot;numImagesToPreload&quot;:2,&quot;arrowsNav&quot;:false,&quot;arrowsNavAutoHide&quot;:false,&quot;transitionType&quot;:&quot;fade&quot;,&quot;transitionSpeed&quot;:1000,&quot;block&quot;:{&quot;moveEffect&quot;:&quot;none&quot;,&quot;speed&quot;:300},&quot;thumbs&quot;:{&quot;fitInViewport&quot;:false,&quot;firstMargin&quot;:false,&quot;spacing&quot;:4},&quot;controlNavigation&quot;:&quot;none&quot;,&quot;autoplay&quot;:{&quot;enabled&quot;:true,&quot;pauseOnHover&quot;:false,&quot;delay&quot;:3000},&quot;autoScaleSliderWidth&quot;:2560,&quot;autoScaleSliderHeight&quot;:2560}'><\/div><\/div><\/div><div class=\"l-section-overlay\" style=\"background:rgba(0,0,0,0.10)\"><\/div><div class=\"l-section-h i-cf\"><div class=\"g-cols vc_row via_grid cols_1 laptops-cols_inherit tablets-cols_inherit mobiles-cols_1 valign_top type_default stacking_default\"><div class=\"wpb_column vc_column_container us_custom_eb849559\"><div class=\"vc_column-inner\"><div class=\"w-image us_custom_c5016052 has_height align_center\"><div class=\"w-image-h\"><img decoding=\"async\" src=\"https:\/\/www.cellerderanda.com\/wp-content\/uploads\/texto-celler-randa-blanco.svg\" class=\"attachment-full size-full\" alt=\"\" loading=\"lazy\" \/><\/div><\/div><div class=\"w-separator size_custom\" style=\"height:20px\"><\/div><div class=\"wpb_text_column us_custom_c1bcd9a8\"><div class=\"wpb_wrapper\"><div class=\"subtitol\">Mallorquinischen K\u00fcche<\/div>\n<\/div><\/div><div class=\"w-separator size_small\"><\/div><div class=\"w-iconbox us_custom_4a593b65 us_animate_this iconpos_top style_default color_custom align_center no_text no_title\"><a href=\"#celler\" class=\"w-iconbox-link\" aria-label=\"far|chevron-down\"><div class=\"w-iconbox-icon\" style=\"font-size:3rem;--icon-color:#fff;\"><i class=\"far fa-chevron-down\"><\/i><\/div><\/a><div class=\"w-iconbox-meta\"><\/div><\/div><\/div><\/div><\/div><\/div><\/section><section class=\"l-section wpb_row height_medium parallax_hor bgwidth_120\" id=\"celler\"><div class=\"l-section-overlay\" style=\"background:rgba(255,255,255,0.90)\"><\/div><div class=\"l-section-h i-cf\"><div class=\"g-cols vc_row via_grid cols_3-1 laptops-cols_inherit tablets-cols_inherit mobiles-cols_1 valign_top type_default stacking_default\"><div class=\"wpb_column vc_column_container\"><div class=\"vc_column-inner\"><div class=\"wpb_text_column\"><div class=\"wpb_wrapper\"><h1>Eine Schatzkammer der mallorquinischen K\u00fcche<\/h1>\n<p>Der <strong>Celler de Randa<\/strong> ist eine Schatzkammer der traditionellen mallorquinischen K\u00fcche mit hausgemachten Gerichten, die an die Geschmackserinnerungen und das Know-how der Gro\u00dfeltern erinnern. Seine Speisekarte, die seit Jahrzehnten praktisch unver\u00e4ndert ist, bietet eine Zeitreise durch authentische Aromen. Abgesehen von der Gastronomie befindet sich das Restaurant in einem charmanten Dorf, Randa, einem ruhigen Ort inmitten der Natur, der zum Entspannen einl\u00e4dt. Eine perfekte Kombination aus hausgemachtem Essen, famili\u00e4rer Atmosph\u00e4re und idyllischer Umgebung machen den <strong>Celler de Randa<\/strong> zu einem einzigartigen und unverzichtbaren Ort f\u00fcr Liebhaber der traditionellen K\u00fcche.<\/p>\n<\/div><\/div><\/div><\/div><div class=\"wpb_column vc_column_container hide_on_tablets hide_on_mobiles\"><div class=\"vc_column-inner\"><div class=\"w-image align_center\"><div class=\"w-image-h\"><img decoding=\"async\" src=\"https:\/\/www.cellerderanda.com\/wp-content\/uploads\/pictograma.svg\" class=\"attachment-full size-full\" alt=\"\" loading=\"lazy\" \/><\/div><\/div><\/div><\/div><\/div><\/div><\/section><section class=\"l-section wpb_row height_auto width_full color_secondary\"><div class=\"l-section-h i-cf\"><div class=\"g-cols vc_row via_grid cols_1 laptops-cols_inherit tablets-cols_inherit mobiles-cols_1 valign_top type_default stacking_default\" style=\"--columns-gap:2rem;\"><div class=\"wpb_column vc_column_container\"><div class=\"vc_column-inner\"><div class=\"w-grid-none type_message\">Es wurden keine Ergebnisse gefunden.<\/div><\/div><\/div><\/div><\/div><\/section><section class=\"l-section wpb_row height_medium width_full\" id=\"entorn\"><div class=\"l-section-h i-cf\"><div class=\"g-cols vc_row via_grid cols_1 laptops-cols_inherit tablets-cols_inherit mobiles-cols_1 valign_top type_default stacking_default\"><div class=\"wpb_column vc_column_container\"><div class=\"vc_column-inner\"><div class=\"w-separator size_small\"><\/div><div class=\"wpb_text_column us_custom_27e49b34\"><div class=\"wpb_wrapper\"><h2>Besuchen Sie Randa<\/h2>\n<p>Randa, ein atemberaubendes mallorquinisches Dorf, liegt am Fu\u00dfe der Heiligt\u00fcmer Castellitx, Cura, Sant Honorat und Gr\u00e0cia. Seine gepflasterten Stra\u00dfen, seine Kirche und seine friedliche Atmosph\u00e4re machen es zu einem idealen Ziel, um dem Trubel zu entfliehen und das authentische Mallorca zu genie\u00dfen.<\/p>\n<\/div><\/div><div class=\"w-separator size_small\"><\/div><div class=\"w-grid us_carousel us_custom_0ac33970 type_carousel layout_238 preload_style_spinner open_items_in_popup items_3\" id=\"us_grid_2\" style=\"--items:3;--gap:1rem;\"><style>.layout_238 .w-grid-item-h{}.layout_238 .usg_image_1{transition-duration:0.3s;transform-origin:50% 50%;transform:scale(1) translate(0%,0%)}.layout_238 .w-grid-item-h:focus-within .usg_image_1,.layout_238 .w-grid-item-h:hover .usg_image_1{transform:scale(1.15) translate(0%,0%);opacity:1}.layout_238 .usg_hwrapper_1{transition-duration:0.3s;transform-origin:50% 50%;transform:scale(1) translate(0%,0%)}.layout_238 .w-grid-item-h:focus-within .usg_hwrapper_1,.layout_238 .w-grid-item-h:hover .usg_hwrapper_1{transform:scale(1) translate(0%,0%);opacity:1;background:var(--color-header-transparent-bg)!important}.layout_238 .usg_post_image_1{height:400px!important}.layout_238 .usg_image_1{width:80px!important;height:80px!important;margin:auto!important}.layout_238 .usg_hwrapper_1{width:100%!important;height:100%!important;position:absolute!important;left:0!important;top:0!important}.layout_238 .usg_vwrapper_1{padding:1rem!important;border:1px solid var(--color-header-middle-text)!important}<\/style><div class=\"w-grid-list owl-carousel valign_stretch dotstyle_circle navstyle_2 arrows-ver-pos_middle arrows-hor-pos_on_sides_outside arrows-disabled_hide owl-responsive-2000 with_dots with_arrows\" style=\"--transition-duration:350ms;--arrows-size:1.5rem;--arrows-hor-offset:calc(-13px + 1rem);--arrows-gap:10px;\">\t<article class=\"w-grid-item post-506 us_portfolio type-us_portfolio status-publish has-post-thumbnail hentry\" data-id=\"506\">\r\n\t\t<div class=\"w-grid-item-h\">\r\n\t\t\t\t\t\t\t<a href=\"https:\/\/www.cellerderanda.com\/de\/portfolio\/cova-del-beat-ramon-llull\/\" class=\"w-grid-item-anchor\" aria-label=\"Cova del Beat Ramon Llull\"><\/a>\r\n\t\t\t\t\t\t<div class=\"w-vwrapper usg_vwrapper_1 align_center valign_top\"><div class=\"w-vwrapper usg_vwrapper_3 align_none valign_top\"><div class=\"w-post-elm post_image usg_post_image_1 has_height\"><img loading=\"lazy\" decoding=\"async\" width=\"1326\" height=\"856\" src=\"https:\/\/www.cellerderanda.com\/wp-content\/uploads\/cova-ramon-llull.jpg\" class=\"attachment-full size-full wp-post-image\" alt=\"\" srcset=\"https:\/\/www.cellerderanda.com\/wp-content\/uploads\/cova-ramon-llull.jpg 1326w, https:\/\/www.cellerderanda.com\/wp-content\/uploads\/cova-ramon-llull-1024x661.jpg 1024w\" sizes=\"auto, (max-width: 1326px) 100vw, 1326px\" \/><\/div><div class=\"w-hwrapper usg_hwrapper_1 align_center valign_top\"><div class=\"w-image usg_image_1 has_height\"><div class=\"w-image-h\"><img decoding=\"async\" src=\"https:\/\/www.cellerderanda.com\/wp-content\/uploads\/youtube-play-blanco.svg\" class=\"attachment-full size-full\" alt=\"\" loading=\"lazy\" \/><\/div><\/div><\/div><\/div><h3 class=\"w-post-elm post_title usg_post_title_3 align_center entry-title color_link_inherit\">Cova del Beat Ramon Llull<\/h3><\/div>\t\t<\/div>\r\n\t\t\t<\/article>\r\n\t<article class=\"w-grid-item post-509 us_portfolio type-us_portfolio status-publish has-post-thumbnail hentry\" data-id=\"509\">\r\n\t\t<div class=\"w-grid-item-h\">\r\n\t\t\t\t\t\t\t<a href=\"https:\/\/www.cellerderanda.com\/de\/portfolio\/oratori-de-castellitx\/\" class=\"w-grid-item-anchor\" aria-label=\"Oratori de Castellitx\"><\/a>\r\n\t\t\t\t\t\t<div class=\"w-vwrapper usg_vwrapper_1 align_center valign_top\"><div class=\"w-vwrapper usg_vwrapper_3 align_none valign_top\"><div class=\"w-post-elm post_image usg_post_image_1 has_height\"><img loading=\"lazy\" decoding=\"async\" width=\"1600\" height=\"1200\" src=\"https:\/\/www.cellerderanda.com\/wp-content\/uploads\/cases.jpg\" class=\"attachment-full size-full wp-post-image\" alt=\"\" srcset=\"https:\/\/www.cellerderanda.com\/wp-content\/uploads\/cases.jpg 1600w, https:\/\/www.cellerderanda.com\/wp-content\/uploads\/cases-1024x768.jpg 1024w\" sizes=\"auto, (max-width: 1600px) 100vw, 1600px\" \/><\/div><div class=\"w-hwrapper usg_hwrapper_1 align_center valign_top\"><div class=\"w-image usg_image_1 has_height\"><div class=\"w-image-h\"><img decoding=\"async\" src=\"https:\/\/www.cellerderanda.com\/wp-content\/uploads\/youtube-play-blanco.svg\" class=\"attachment-full size-full\" alt=\"\" loading=\"lazy\" \/><\/div><\/div><\/div><\/div><h3 class=\"w-post-elm post_title usg_post_title_3 align_center entry-title color_link_inherit\">Oratori de Castellitx<\/h3><\/div>\t\t<\/div>\r\n\t\t\t<\/article>\r\n\t<article class=\"w-grid-item post-512 us_portfolio type-us_portfolio status-publish has-post-thumbnail hentry\" data-id=\"512\">\r\n\t\t<div class=\"w-grid-item-h\">\r\n\t\t\t\t\t\t\t<a href=\"https:\/\/www.cellerderanda.com\/de\/portfolio\/ermita-de-sant-honorat\/\" class=\"w-grid-item-anchor\" aria-label=\"Ermita de Sant Honorat\"><\/a>\r\n\t\t\t\t\t\t<div class=\"w-vwrapper usg_vwrapper_1 align_center valign_top\"><div class=\"w-vwrapper usg_vwrapper_3 align_none valign_top\"><div class=\"w-post-elm post_image usg_post_image_1 has_height\"><img loading=\"lazy\" decoding=\"async\" width=\"835\" height=\"631\" src=\"https:\/\/www.cellerderanda.com\/wp-content\/uploads\/sant-honorat.jpg\" class=\"attachment-full size-full wp-post-image\" alt=\"\" \/><\/div><div class=\"w-hwrapper usg_hwrapper_1 align_center valign_top\"><div class=\"w-image usg_image_1 has_height\"><div class=\"w-image-h\"><img decoding=\"async\" src=\"https:\/\/www.cellerderanda.com\/wp-content\/uploads\/youtube-play-blanco.svg\" class=\"attachment-full size-full\" alt=\"\" loading=\"lazy\" \/><\/div><\/div><\/div><\/div><h3 class=\"w-post-elm post_title usg_post_title_3 align_center entry-title color_link_inherit\">Ermita de Sant Honorat<\/h3><\/div>\t\t<\/div>\r\n\t\t\t<\/article>\r\n\t<article class=\"w-grid-item post-515 us_portfolio type-us_portfolio status-publish has-post-thumbnail hentry\" data-id=\"515\">\r\n\t\t<div class=\"w-grid-item-h\">\r\n\t\t\t\t\t\t\t<a href=\"https:\/\/www.cellerderanda.com\/de\/portfolio\/santuari-de-gracia\/\" class=\"w-grid-item-anchor\" aria-label=\"Santuari de Gr\u00e0cia\"><\/a>\r\n\t\t\t\t\t\t<div class=\"w-vwrapper usg_vwrapper_1 align_center valign_top\"><div class=\"w-vwrapper usg_vwrapper_3 align_none valign_top\"><div class=\"w-post-elm post_image usg_post_image_1 has_height\"><img loading=\"lazy\" decoding=\"async\" width=\"1600\" height=\"1200\" src=\"https:\/\/www.cellerderanda.com\/wp-content\/uploads\/DSC02427.jpg\" class=\"attachment-full size-full wp-post-image\" alt=\"\" srcset=\"https:\/\/www.cellerderanda.com\/wp-content\/uploads\/DSC02427.jpg 1600w, https:\/\/www.cellerderanda.com\/wp-content\/uploads\/DSC02427-1024x768.jpg 1024w\" sizes=\"auto, (max-width: 1600px) 100vw, 1600px\" \/><\/div><div class=\"w-hwrapper usg_hwrapper_1 align_center valign_top\"><div class=\"w-image usg_image_1 has_height\"><div class=\"w-image-h\"><img decoding=\"async\" src=\"https:\/\/www.cellerderanda.com\/wp-content\/uploads\/youtube-play-blanco.svg\" class=\"attachment-full size-full\" alt=\"\" loading=\"lazy\" \/><\/div><\/div><\/div><\/div><h3 class=\"w-post-elm post_title usg_post_title_3 align_center entry-title color_link_inherit\">Santuari de Gr\u00e0cia<\/h3><\/div>\t\t<\/div>\r\n\t\t\t<\/article>\r\n\t<article class=\"w-grid-item post-518 us_portfolio type-us_portfolio status-publish has-post-thumbnail hentry\" data-id=\"518\">\r\n\t\t<div class=\"w-grid-item-h\">\r\n\t\t\t\t\t\t\t<a href=\"https:\/\/www.cellerderanda.com\/de\/portfolio\/santuari-de-cura\/\" class=\"w-grid-item-anchor\" aria-label=\"Santuari de Cura\"><\/a>\r\n\t\t\t\t\t\t<div class=\"w-vwrapper usg_vwrapper_1 align_center valign_top\"><div class=\"w-vwrapper usg_vwrapper_3 align_none valign_top\"><div class=\"w-post-elm post_image usg_post_image_1 has_height\"><img loading=\"lazy\" decoding=\"async\" width=\"1520\" height=\"898\" src=\"https:\/\/www.cellerderanda.com\/wp-content\/uploads\/santuari-cura.jpg\" class=\"attachment-full size-full wp-post-image\" alt=\"\" srcset=\"https:\/\/www.cellerderanda.com\/wp-content\/uploads\/santuari-cura.jpg 1520w, https:\/\/www.cellerderanda.com\/wp-content\/uploads\/santuari-cura-1024x605.jpg 1024w\" sizes=\"auto, (max-width: 1520px) 100vw, 1520px\" \/><\/div><div class=\"w-hwrapper usg_hwrapper_1 align_center valign_top\"><div class=\"w-image usg_image_1 has_height\"><div class=\"w-image-h\"><img decoding=\"async\" src=\"https:\/\/www.cellerderanda.com\/wp-content\/uploads\/youtube-play-blanco.svg\" class=\"attachment-full size-full\" alt=\"\" loading=\"lazy\" \/><\/div><\/div><\/div><\/div><h3 class=\"w-post-elm post_title usg_post_title_3 align_center entry-title color_link_inherit\">Santuari de Cura<\/h3><\/div>\t\t<\/div>\r\n\t\t\t<\/article>\r\n<\/div><div class=\"l-popup\">\r\n\t<div class=\"l-popup-overlay\"><\/div>\r\n\t<div class=\"l-popup-wrap\">\r\n\t\t<button class=\"l-popup-closer\" type=\"button\" aria-label=\"Schlie\u00dfen\"><\/button>\r\n\t\t\t\t\t<button class=\"l-popup-arrow to_prev hidden\" type=\"button\" title=\"Zur\u00fcck\"><\/button>\r\n\t\t\t<button class=\"l-popup-arrow to_next hidden\" type=\"button\" title=\"Weiter\"><\/button>\r\n\t\t\t\t<div class=\"l-popup-box\">\r\n\t\t\t<div class=\"l-popup-box-content\">\r\n\t\t\t\t<div class=\"g-preloader type_1\">\r\n\t\t\t\t\t<div><\/div>\r\n\t\t\t\t<\/div>\r\n\t\t\t\t<iframe class=\"l-popup-box-content-frame\" allowfullscreen><\/iframe>\r\n\t\t\t<\/div>\r\n\t\t<\/div>\r\n\t<\/div>\r\n<\/div>\r\n<div class=\"w-grid-carousel-json hidden\" onclick='return {&quot;carousel_settings&quot;:{&quot;aria_labels&quot;:{&quot;prev&quot;:&quot;Zur\\u00fcck&quot;,&quot;next&quot;:&quot;Weiter&quot;},&quot;autoplayContinual&quot;:false,&quot;autoplayHoverPause&quot;:false,&quot;autoplayTimeout&quot;:3000,&quot;autoWidth&quot;:false,&quot;smartSpeed&quot;:350,&quot;margin&quot;:0,&quot;mouseDrag&quot;:true,&quot;rtl&quot;:false,&quot;slideBy&quot;:&quot;1&quot;,&quot;touchDrag&quot;:true,&quot;slideTransition&quot;:&quot;&quot;,&quot;responsive&quot;:{&quot;0&quot;:{&quot;autoHeight&quot;:false,&quot;autoplay&quot;:false,&quot;autoWidth&quot;:false,&quot;center&quot;:false,&quot;dots&quot;:true,&quot;items&quot;:1,&quot;loop&quot;:true,&quot;nav&quot;:true,&quot;stagePadding&quot;:0,&quot;slideBy&quot;:&quot;1&quot;},&quot;601&quot;:{&quot;autoHeight&quot;:false,&quot;autoplay&quot;:false,&quot;autoWidth&quot;:false,&quot;center&quot;:false,&quot;dots&quot;:true,&quot;items&quot;:1,&quot;loop&quot;:true,&quot;nav&quot;:true,&quot;stagePadding&quot;:0,&quot;slideBy&quot;:&quot;1&quot;},&quot;1025&quot;:{&quot;autoHeight&quot;:false,&quot;autoplay&quot;:false,&quot;autoWidth&quot;:false,&quot;center&quot;:false,&quot;dots&quot;:true,&quot;items&quot;:2,&quot;loop&quot;:true,&quot;nav&quot;:true,&quot;stagePadding&quot;:0,&quot;slideBy&quot;:&quot;1&quot;},&quot;1381&quot;:{&quot;items&quot;:3,&quot;autoplay&quot;:false,&quot;center&quot;:false,&quot;dots&quot;:true,&quot;nav&quot;:true,&quot;autoHeight&quot;:false,&quot;autoWidth&quot;:false,&quot;loop&quot;:true,&quot;stagePadding&quot;:0}}}}'><\/div><\/div><\/div><\/div><\/div><\/div><\/section><section class=\"l-section wpb_row height_medium color_primary with_img parallax_fixed\" id=\"carta\"><div class=\"l-section-img\" role=\"img\" aria-label=\"Bild\" data-img-width=\"\" data-img-height=\"\" style=\"background-image: url(https:\/\/www.cellerderanda.com\/wp-content\/uploads\/letra-c.svg);background-position: top center;background-repeat: no-repeat;\"><\/div><div class=\"l-section-overlay\" style=\"background:rgba(0,0,0,0.50)\"><\/div><div class=\"l-section-h i-cf\"><div class=\"g-cols vc_row via_grid cols_1 laptops-cols_inherit tablets-cols_inherit mobiles-cols_1 valign_top type_default stacking_default\"><div class=\"wpb_column vc_column_container\"><div class=\"vc_column-inner\"><div class=\"w-separator size_small\"><\/div><div class=\"wpb_text_column\"><div class=\"wpb_wrapper\"><h2 style=\"text-align: center;\">Karte<\/h2>\n<\/div><\/div><div class=\"w-separator size_medium\"><\/div><div class=\"wpb_text_column\"><div class=\"wpb_wrapper\"><div class=\"_df_book df-lite\" id=\"df_599\"  _slug=\"carta-ingles\" data-title=\"carta-ingles\" wpoptions=\"true\" thumbtype=\"\" ><\/div><script class=\"df-shortcode-script\" nowprocket type=\"application\/javascript\">window.option_df_599 = {\"webgl\":\"false\",\"outline\":[],\"viewerType\":\"reader\",\"autoEnableOutline\":\"false\",\"autoEnableThumbnail\":\"false\",\"overwritePDFOutline\":\"false\",\"direction\":\"1\",\"pageSize\":\"2\",\"pageMode\":\"2\",\"source\":\"https:\\\/\\\/www.cellerderanda.com\\\/carta-plats-celler-randa.pdf?page=2\",\"wpOptions\":\"true\"}; if(window.DFLIP && window.DFLIP.parseBooks){window.DFLIP.parseBooks();}<\/script>\n<\/div><\/div><div class=\"w-separator size_large\"><\/div><\/div><\/div><\/div><\/div><\/section><section class=\"l-section wpb_row height_medium\" id=\"contacte\"><div class=\"l-section-h i-cf\"><div class=\"g-cols vc_row via_grid cols_1 laptops-cols_inherit tablets-cols_inherit mobiles-cols_1 valign_top type_default stacking_default\"><div class=\"wpb_column vc_column_container\"><div class=\"vc_column-inner\"><div class=\"w-separator size_small\"><\/div><div class=\"wpb_text_column\"><div class=\"wpb_wrapper\"><h2 style=\"text-align: center;\">Kontakt<\/h2>\n<\/div><\/div><div class=\"w-separator size_medium\"><\/div><div class=\"g-cols wpb_row via_grid cols_2 laptops-cols_inherit tablets-cols_inherit mobiles-cols_1 valign_top type_default reversed stacking_default\" style=\"--columns-gap:3rem;\"><div class=\"wpb_column vc_column_container\"><div class=\"vc_column-inner\"><div class=\"w-map provider_osm us_custom_b3be410f\" id=\"us_map_1\"><div class=\"w-map-inner\"><div class=\"w-map-json\" onclick='return {&quot;address&quot;:&quot;Celler de Randa&quot;,&quot;disableDragging&quot;:1,&quot;disableZoom&quot;:0,&quot;hideControls&quot;:0,&quot;zoom&quot;:14,&quot;markers&quot;:[{&quot;address&quot;:&quot;Celler de Randa&quot;,&quot;html&quot;:&quot;&lt;h6&gt;Celler de Randa&lt;\\\/h6&gt;&lt;p&gt;cuina mallorquina&lt;\\\/p&gt;&quot;,&quot;infowindow&quot;:0}],&quot;style&quot;:&quot;https:\\\/\\\/{s}.tile.openstreetmap.org\\\/{z}\\\/{x}\\\/{y}.png&quot;}'><\/div><\/div><\/div><\/div><\/div><div class=\"wpb_column vc_column_container\"><div class=\"vc_column-inner\"><div class=\"wpb_text_column\"><div class=\"wpb_wrapper\"><div><strong>CELLER DE RANDA<\/strong><\/div>\n<p>Carrer de l&#8217;Esgl\u00e9sia, 24<br \/>\n07629 RANDA &#8211; Mallorca<br \/>\n<a href=\"tel:0034971660989\">(+34) <strong>971 66 09 89<\/strong><\/a><br \/>\n<a href=\"mailto:info@cellerderanda.com\">info@cellerderanda.com<\/a><\/p>\n<div><strong>\u00d6FFNUNGSZEITEN IM M\u00c4RZ UND APRIL<\/strong><\/div>\n<ul id=\"llista-horari\">\n<li>Montag bis Donnerstag und Sonntag: 9:00 bis 18:30 Uhr<\/li>\n<li>Freitag und Samstag: 9:00 bis 23:00 Uhr<\/li>\n<\/ul>\n<\/div><\/div><div class=\"w-separator size_small\"><\/div><div class=\"w-socials us_custom_938809ae color_link shape_square style_outlined hover_fade\" style=\"--gap:0.5em;\"><div class=\"w-socials-list\"><div class=\"w-socials-item instagram\"><a target=\"_blank\" rel=\"nofollow\" href=\"https:\/\/www.instagram.com\/cellerderanda\" class=\"w-socials-item-link\" aria-label=\"Instagram\"><span class=\"w-socials-item-link-hover\"><\/span><i class=\"fab fa-instagram\"><\/i><\/a><div class=\"w-socials-item-popup\"><span>Instagram<\/span><\/div><\/div><div class=\"w-socials-item google\"><a target=\"_blank\" rel=\"nofollow\" href=\"https:\/\/g.co\/kgs\/PBUvSyo\" class=\"w-socials-item-link\" aria-label=\"Google\"><span class=\"w-socials-item-link-hover\"><\/span><i class=\"fab fa-google\"><\/i><\/a><div class=\"w-socials-item-popup\"><span>Google<\/span><\/div><\/div><div class=\"w-socials-item facebook\"><a href=\"https:\/\/www.facebook.com\/cellerderanda\" class=\"w-socials-item-link\" aria-label=\"Facebook\"><span class=\"w-socials-item-link-hover\"><\/span><i class=\"fab fa-facebook\"><\/i><\/a><div class=\"w-socials-item-popup\"><span>Facebook<\/span><\/div><\/div><\/div><\/div><\/div><\/div><\/div><div class=\"w-separator size_huge\"><\/div><\/div><\/div><\/div><\/div><\/section>\n","protected":false},"excerpt":{"rendered":"","protected":false},"author":2,"featured_media":0,"parent":0,"menu_order":0,"comment_status":"closed","ping_status":"closed","template":"","meta":{"_acf_changed":false,"footnotes":""},"class_list":["post-500","page","type-page","status-publish","hentry"],"acf":[],"_links":{"self":[{"href":"https:\/\/www.cellerderanda.com\/de\/wp-json\/wp\/v2\/pages\/500","targetHints":{"allow":["GET"]}}],"collection":[{"href":"https:\/\/www.cellerderanda.com\/de\/wp-json\/wp\/v2\/pages"}],"about":[{"href":"https:\/\/www.cellerderanda.com\/de\/wp-json\/wp\/v2\/types\/page"}],"author":[{"embeddable":true,"href":"https:\/\/www.cellerderanda.com\/de\/wp-json\/wp\/v2\/users\/2"}],"replies":[{"embeddable":true,"href":"https:\/\/www.cellerderanda.com\/de\/wp-json\/wp\/v2\/comments?post=500"}],"version-history":[{"count":14,"href":"https:\/\/www.cellerderanda.com\/de\/wp-json\/wp\/v2\/pages\/500\/revisions"}],"predecessor-version":[{"id":642,"href":"https:\/\/www.cellerderanda.com\/de\/wp-json\/wp\/v2\/pages\/500\/revisions\/642"}],"wp:attachment":[{"href":"https:\/\/www.cellerderanda.com\/de\/wp-json\/wp\/v2\/media?parent=500"}],"curies":[{"name":"wp","href":"https:\/\/api.w.org\/{rel}","templated":true}]}}